{"id":118,"date":"2025-08-28T16:30:33","date_gmt":"2025-08-28T14:30:33","guid":{"rendered":"https:\/\/toutpourlille.fr\/?page_id=118"},"modified":"2026-02-02T20:35:19","modified_gmt":"2026-02-02T19:35:19","slug":"je-souhaite-faire-des-suggestions","status":"publish","type":"page","link":"https:\/\/toutpourlille.fr\/?page_id=118","title":{"rendered":"Je souhaite contribuer au projet"},"content":{"rendered":"\t\t<div data-elementor-type=\"wp-post\" data-elementor-id=\"118\" class=\"elementor elementor-118\">\n\t\t\t\t<div class=\"elementor-element elementor-element-162a499 e-flex e-con-boxed wpr-particle-no wpr-jarallax-no wpr-parallax-no wpr-sticky-section-no e-con e-parent\" data-id=\"162a499\" data-element_type=\"container\">\n\t\t\t\t\t<div class=\"e-con-inner\">\n\t\t<div class=\"elementor-element elementor-element-26672f5 e-con-full e-flex wpr-particle-no wpr-jarallax-no wpr-parallax-no wpr-sticky-section-no e-con e-child\" data-id=\"26672f5\" data-element_type=\"container\" data-settings=\"{&quot;background_background&quot;:&quot;classic&quot;}\">\n\t\t<div class=\"elementor-element elementor-element-9a86df3 elementor-hidden-mobile e-flex e-con-boxed wpr-particle-no wpr-jarallax-no wpr-parallax-no wpr-sticky-section-no e-con e-child\" data-id=\"9a86df3\" data-element_type=\"container\">\n\t\t\t\t\t<div class=\"e-con-inner\">\n\t\t\t\t<div class=\"elementor-element elementor-element-3b81ef0 elementor-widget elementor-widget-text-editor\" data-id=\"3b81ef0\" data-element_type=\"widget\" data-widget_type=\"text-editor.default\">\n\t\t\t\t\t\t\t\t\t<p>D\u00e9couvrez notre projet pour Lille, Hellemmes et Lomme<\/p>\t\t\t\t\t\t\t\t<\/div>\n\t\t\t\t<div class=\"elementor-element elementor-element-94b9e46 elementor-widget elementor-widget-shortcode\" data-id=\"94b9e46\" data-element_type=\"widget\" data-widget_type=\"shortcode.default\">\n\t\t\t\t\t\t\t<div class=\"elementor-shortcode\"><div class=\"_3d-flip-book  fb3d-fullscreen-mode full-size\" data-id=\"1241\" data-mode=\"fullscreen\" data-title=\"false\" data-template=\"short-white-book-view\" data-lightbox=\"dark-shadow\" data-urlparam=\"fb3d-page\" data-page-n=\"0\" data-pdf=\"\" data-tax=\"null\" data-thumbnail=\"\" data-cols=\"3\" data-book-template=\"default\" data-trigger=\"\"><\/div><script type=\"text\/javascript\">window.FB3D_CLIENT_DATA = window.FB3D_CLIENT_DATA || [];FB3D_CLIENT_DATA.push('eyJwb3N0cyI6eyIxMjQxIjp7IklEIjoxMjQxLCJ0aXRsZSI6IlRvdXQgUG91ciBMaWxsZSA6IG5vdHJlIHByb2pldCIsInR5cGUiOiJwZGYiLCJyZWFkeV9mdW5jdGlvbiI6IiIsImJvb2tfc3R5bGUiOiJmbGF0IiwiYm9va190ZW1wbGF0ZSI6Im5vbmUiLCJvdXRsaW5lIjpbXSwiZGF0YSI6eyJwb3N0X0lEIjoiMTQ5NyIsImd1aWQiOiJodHRwczpcL1wvdG91dHBvdXJsaWxsZS5mclwvd3AtY29udGVudFwvdXBsb2Fkc1wvMjAyNlwvMDJcL1RvdXRQb3VyTGlsbGUtcHJvZ3JhbW1lLXdlYi5wZGYiLCJwZGZfcGFnZXMiOiI2NCIsInBhZ2VzX2N1c3RvbWl6YXRpb24iOiJub25lIn0sInRodW1ibmFpbCI6eyJkYXRhIjp7InBvc3RfSUQiOiIwIn0sInR5cGUiOiJhdXRvIn0sInByb3BzIjp7ImJhY2tncm91bmRDb2xvciI6ImF1dG8iLCJiYWNrZ3JvdW5kSW1hZ2UiOiJhdXRvIiwiYmFja2dyb3VuZFN0eWxlIjoiYXV0byIsImhpZ2hsaWdodExpbmtzIjoiYXV0byIsImxpZ2h0aW5nIjoiYXV0byIsInNpbmdsZVBhZ2VNb2RlIjoiYXV0byIsImNhY2hlZFBhZ2VzIjoiYXV0byIsInJlbmRlckluYWN0aXZlUGFnZXMiOiJhdXRvIiwicmVuZGVySW5hY3RpdmVQYWdlc09uTW9iaWxlIjoiYXV0byIsInJlbmRlcldoaWxlRmxpcHBpbmciOiJhdXRvIiwicHJlbG9hZFBhZ2VzIjoiYXV0byIsImF1dG9QbGF5RHVyYXRpb24iOiJhdXRvIiwicnRsIjoiYXV0byIsImludGVyYWN0aXZlQ29ybmVycyI6ImF1dG8iLCJtYXhEZXB0aCI6ImF1dG8iLCJzaGVldCI6eyJzdGFydFZlbG9jaXR5IjoiYXV0byIsIndhdmUiOiJhdXRvIiwic2hhcGUiOiJhdXRvIiwid2lkdGhUZXhlbHMiOiJhdXRvIiwiY29sb3IiOiJhdXRvIiwic2lkZSI6ImF1dG8iLCJzdHJldGNoSW1hZ2VzIjoiYXV0byIsImNvcm5lckRldmlhdGlvbiI6ImF1dG8iLCJmbGV4aWJpbGl0eSI6ImF1dG8iLCJmbGV4aWJsZUNvcm5lciI6ImF1dG8iLCJiZW5kaW5nIjoiYXV0byIsImhlaWdodFRleGVscyI6ImF1dG8ifSwiY292ZXIiOnsid2F2ZSI6ImF1dG8iLCJjb2xvciI6ImF1dG8iLCJzaWRlIjoiYXV0byIsInN0cmV0Y2hJbWFnZXMiOiJhdXRvIiwiYmluZGVyVGV4dHVyZSI6ImF1dG8iLCJkZXB0aCI6ImF1dG8iLCJwYWRkaW5nIjoiYXV0byIsInN0YXJ0VmVsb2NpdHkiOiJhdXRvIiwiZmxleGliaWxpdHkiOiJhdXRvIiwiZmxleGlibGVDb3JuZXIiOiJhdXRvIiwiYmVuZGluZyI6ImF1dG8iLCJ3aWR0aFRleGVscyI6ImF1dG8iLCJoZWlnaHRUZXhlbHMiOiJhdXRvIiwibWFzcyI6ImF1dG8iLCJzaGFwZSI6ImF1dG8ifSwicGFnZSI6eyJ3YXZlIjoiYXV0byIsImNvbG9yIjoiYXV0byIsInNpZGUiOiJhdXRvIiwic3RyZXRjaEltYWdlcyI6ImF1dG8iLCJkZXB0aCI6ImF1dG8iLCJzdGFydFZlbG9jaXR5IjoiYXV0byIsImZsZXhpYmlsaXR5IjoiYXV0byIsImZsZXhpYmxlQ29ybmVyIjoiYXV0byIsImJlbmRpbmciOiJhdXRvIiwid2lkdGhUZXhlbHMiOiJhdXRvIiwiaGVpZ2h0VGV4ZWxzIjoiYXV0byIsIm1hc3MiOiJhdXRvIiwic2hhcGUiOiJhdXRvIn0sImhlaWdodCI6ImF1dG8iLCJ3aWR0aCI6ImF1dG8iLCJncmF2aXR5IjoiYXV0byIsInBhZ2VzRm9yUHJlZGljdGluZyI6ImF1dG8ifSwiY29udHJvbFByb3BzIjp7ImFjdGlvbnMiOnsiY21kVG9jIjp7ImVuYWJsZWQiOiJhdXRvIiwiZW5hYmxlZEluTmFycm93IjoiYXV0byIsImFjdGl2ZSI6ImF1dG8iLCJkZWZhdWx0VGFiIjoiYXV0byJ9LCJjbWRBdXRvUGxheSI6eyJlbmFibGVkIjoiYXV0byIsImVuYWJsZWRJbk5hcnJvdyI6ImF1dG8iLCJhY3RpdmUiOiJhdXRvIn0sImNtZFNhdmUiOnsiZW5hYmxlZCI6ImF1dG8iLCJlbmFibGVkSW5OYXJyb3ciOiJhdXRvIn0sImNtZFByaW50Ijp7ImVuYWJsZWQiOiJhdXRvIiwiZW5hYmxlZEluTmFycm93IjoiYXV0byJ9LCJjbWRTaW5nbGVQYWdlIjp7ImVuYWJsZWQiOiJhdXRvIiwiZW5hYmxlZEluTmFycm93IjoiYXV0byIsImFjdGl2ZSI6ImF1dG8iLCJhY3RpdmVGb3JNb2JpbGUiOiJhdXRvIn0sIndpZFRvb2xiYXIiOnsiZW5hYmxlZCI6ImF1dG8iLCJlbmFibGVkSW5OYXJyb3ciOiJhdXRvIn19fSwiYXV0b1RodW1ibmFpbCI6Imh0dHBzOlwvXC90b3V0cG91cmxpbGxlLmZyXC93cC1jb250ZW50XC91cGxvYWRzXC8zZC1mbGlwLWJvb2tcL2F1dG8tdGh1bWJuYWlsc1wvMTI0MS5wbmciLCJwb3N0X25hbWUiOiJ0b3V0LXBvdXItbGlsbGUtbm90cmUtcHJvamV0IiwicG9zdF90eXBlIjoiM2QtZmxpcC1ib29rIn19LCJwYWdlcyI6W10sImZpcnN0UGFnZXMiOltdfQ==');window.FB3D_CLIENT_LOCALE && FB3D_CLIENT_LOCALE.render && FB3D_CLIENT_LOCALE.render();<\/script><\/div>\n\t\t\t\t\t\t<\/div>\n\t\t\t\t\t<\/div>\n\t\t\t\t<\/div>\n\t\t<div class=\"elementor-element elementor-element-e390929 elementor-hidden-desktop e-flex e-con-boxed wpr-particle-no wpr-jarallax-no wpr-parallax-no wpr-sticky-section-no e-con e-child\" data-id=\"e390929\" data-element_type=\"container\">\n\t\t\t\t\t<div class=\"e-con-inner\">\n\t\t\t\t<div class=\"elementor-element elementor-element-7633420 elementor-widget elementor-widget-text-editor\" data-id=\"7633420\" data-element_type=\"widget\" data-widget_type=\"text-editor.default\">\n\t\t\t\t\t\t\t\t\t<p>D\u00e9couvrez notre projet pour Lille, Hellemmes et Lomme<\/p>\t\t\t\t\t\t\t\t<\/div>\n\t\t\t\t<div class=\"elementor-element elementor-element-f646e6c elementor-widget elementor-widget-shortcode\" data-id=\"f646e6c\" data-element_type=\"widget\" data-widget_type=\"shortcode.default\">\n\t\t\t\t\t\t\t<div class=\"elementor-shortcode\"><div class=\"_3d-flip-book  fb3d-fullscreen-mode full-size\" data-id=\"1309\" data-mode=\"fullscreen\" data-title=\"false\" data-template=\"short-white-book-view\" data-lightbox=\"dark-shadow\" data-urlparam=\"fb3d-page\" data-page-n=\"0\" data-pdf=\"\" data-tax=\"null\" data-thumbnail=\"\" data-cols=\"3\" data-book-template=\"default\" data-trigger=\"\"><\/div><script type=\"text\/javascript\">window.FB3D_CLIENT_DATA = window.FB3D_CLIENT_DATA || [];FB3D_CLIENT_DATA.push('eyJwb3N0cyI6eyIxMzA5Ijp7IklEIjoxMzA5LCJ0aXRsZSI6IlRvdXQgcG91ciBMaWxsZSA6IG5vdHJlIHByb2pldCBwaG9uZSIsInR5cGUiOiJwZGYiLCJyZWFkeV9mdW5jdGlvbiI6IiIsImJvb2tfc3R5bGUiOiJmbGF0IiwiYm9va190ZW1wbGF0ZSI6Im5vbmUiLCJvdXRsaW5lIjpbXSwiZGF0YSI6eyJwb3N0X0lEIjoiMTQ5NiIsImd1aWQiOiJodHRwczpcL1wvdG91dHBvdXJsaWxsZS5mclwvd3AtY29udGVudFwvdXBsb2Fkc1wvMjAyNlwvMDJcL1RvdXRQb3VyTGlsbGUtcHJvZ3JhbW1lLXdlYnBob25lLnBkZiIsInBkZl9wYWdlcyI6IjY0IiwicGFnZXNfY3VzdG9taXphdGlvbiI6Im5vbmUifSwidGh1bWJuYWlsIjp7ImRhdGEiOnsicG9zdF9JRCI6IjAifSwidHlwZSI6ImF1dG8ifSwicHJvcHMiOnsiYmFja2dyb3VuZENvbG9yIjoiYXV0byIsImJhY2tncm91bmRJbWFnZSI6ImF1dG8iLCJiYWNrZ3JvdW5kU3R5bGUiOiJhdXRvIiwiaGlnaGxpZ2h0TGlua3MiOiJhdXRvIiwibGlnaHRpbmciOiJhdXRvIiwic2luZ2xlUGFnZU1vZGUiOiJhdXRvIiwiY2FjaGVkUGFnZXMiOiJhdXRvIiwicmVuZGVySW5hY3RpdmVQYWdlcyI6ImF1dG8iLCJyZW5kZXJJbmFjdGl2ZVBhZ2VzT25Nb2JpbGUiOiJhdXRvIiwicmVuZGVyV2hpbGVGbGlwcGluZyI6ImF1dG8iLCJwcmVsb2FkUGFnZXMiOiJhdXRvIiwiYXV0b1BsYXlEdXJhdGlvbiI6ImF1dG8iLCJydGwiOiJhdXRvIiwiaW50ZXJhY3RpdmVDb3JuZXJzIjoiYXV0byIsIm1heERlcHRoIjoiYXV0byIsInNoZWV0Ijp7InN0YXJ0VmVsb2NpdHkiOiJhdXRvIiwid2F2ZSI6ImF1dG8iLCJzaGFwZSI6ImF1dG8iLCJ3aWR0aFRleGVscyI6ImF1dG8iLCJjb2xvciI6ImF1dG8iLCJzaWRlIjoiYXV0byIsInN0cmV0Y2hJbWFnZXMiOiJhdXRvIiwiY29ybmVyRGV2aWF0aW9uIjoiYXV0byIsImZsZXhpYmlsaXR5IjoiYXV0byIsImZsZXhpYmxlQ29ybmVyIjoiYXV0byIsImJlbmRpbmciOiJhdXRvIiwiaGVpZ2h0VGV4ZWxzIjoiYXV0byJ9LCJjb3ZlciI6eyJ3YXZlIjoiYXV0byIsImNvbG9yIjoiYXV0byIsInNpZGUiOiJhdXRvIiwic3RyZXRjaEltYWdlcyI6ImF1dG8iLCJiaW5kZXJUZXh0dXJlIjoiYXV0byIsImRlcHRoIjoiYXV0byIsInBhZGRpbmciOiJhdXRvIiwic3RhcnRWZWxvY2l0eSI6ImF1dG8iLCJmbGV4aWJpbGl0eSI6ImF1dG8iLCJmbGV4aWJsZUNvcm5lciI6ImF1dG8iLCJiZW5kaW5nIjoiYXV0byIsIndpZHRoVGV4ZWxzIjoiYXV0byIsImhlaWdodFRleGVscyI6ImF1dG8iLCJtYXNzIjoiYXV0byIsInNoYXBlIjoiYXV0byJ9LCJwYWdlIjp7IndhdmUiOiJhdXRvIiwiY29sb3IiOiJhdXRvIiwic2lkZSI6ImF1dG8iLCJzdHJldGNoSW1hZ2VzIjoiYXV0byIsImRlcHRoIjoiYXV0byIsInN0YXJ0VmVsb2NpdHkiOiJhdXRvIiwiZmxleGliaWxpdHkiOiJhdXRvIiwiZmxleGlibGVDb3JuZXIiOiJhdXRvIiwiYmVuZGluZyI6ImF1dG8iLCJ3aWR0aFRleGVscyI6ImF1dG8iLCJoZWlnaHRUZXhlbHMiOiJhdXRvIiwibWFzcyI6ImF1dG8iLCJzaGFwZSI6ImF1dG8ifSwiaGVpZ2h0IjoiYXV0byIsIndpZHRoIjoiYXV0byIsImdyYXZpdHkiOiJhdXRvIiwicGFnZXNGb3JQcmVkaWN0aW5nIjoiYXV0byJ9LCJjb250cm9sUHJvcHMiOnsiYWN0aW9ucyI6eyJjbWRUb2MiOnsiZW5hYmxlZCI6ImF1dG8iLCJlbmFibGVkSW5OYXJyb3ciOiJhdXRvIiwiYWN0aXZlIjoiYXV0byIsImRlZmF1bHRUYWIiOiJhdXRvIn0sImNtZEF1dG9QbGF5Ijp7ImVuYWJsZWQiOiJhdXRvIiwiZW5hYmxlZEluTmFycm93IjoiYXV0byIsImFjdGl2ZSI6ImF1dG8ifSwiY21kU2F2ZSI6eyJlbmFibGVkIjoiYXV0byIsImVuYWJsZWRJbk5hcnJvdyI6ImF1dG8ifSwiY21kUHJpbnQiOnsiZW5hYmxlZCI6ImF1dG8iLCJlbmFibGVkSW5OYXJyb3ciOiJhdXRvIn0sImNtZFNpbmdsZVBhZ2UiOnsiZW5hYmxlZCI6ImF1dG8iLCJlbmFibGVkSW5OYXJyb3ciOiJhdXRvIiwiYWN0aXZlIjoiMSIsImFjdGl2ZUZvck1vYmlsZSI6ImF1dG8ifSwid2lkVG9vbGJhciI6eyJlbmFibGVkIjoiMCIsImVuYWJsZWRJbk5hcnJvdyI6IjAifX19LCJhdXRvVGh1bWJuYWlsIjoiaHR0cHM6XC9cL3RvdXRwb3VybGlsbGUuZnJcL3dwLWNvbnRlbnRcL3VwbG9hZHNcLzNkLWZsaXAtYm9va1wvYXV0by10aHVtYm5haWxzXC8xMzA5LnBuZyIsInBvc3RfbmFtZSI6InRvdXQtcG91ci1saWxsZS1ub3RyZS1wcm9qZXQtcGhvbmUiLCJwb3N0X3R5cGUiOiIzZC1mbGlwLWJvb2sifX0sInBhZ2VzIjpbXSwiZmlyc3RQYWdlcyI6W119');window.FB3D_CLIENT_LOCALE && FB3D_CLIENT_LOCALE.render && FB3D_CLIENT_LOCALE.render();<\/script><\/div>\n\t\t\t\t\t\t<\/div>\n\t\t\t\t\t<\/div>\n\t\t\t\t<\/div>\n\t\t\t\t<\/div>\n\t\t\t\t<div class=\"elementor-element elementor-element-c89974b elementor-widget elementor-widget-spacer\" data-id=\"c89974b\" data-element_type=\"widget\" data-widget_type=\"spacer.default\">\n\t\t\t\t\t\t\t<div class=\"elementor-spacer\">\n\t\t\t<div class=\"elementor-spacer-inner\"><\/div>\n\t\t<\/div>\n\t\t\t\t\t\t<\/div>\n\t\t\t\t<div class=\"elementor-element elementor-element-bcc2843 elementor-widget elementor-widget-spacer\" data-id=\"bcc2843\" data-element_type=\"widget\" data-widget_type=\"spacer.default\">\n\t\t\t\t\t\t\t<div class=\"elementor-spacer\">\n\t\t\t<div class=\"elementor-spacer-inner\"><\/div>\n\t\t<\/div>\n\t\t\t\t\t\t<\/div>\n\t\t\t\t<div class=\"elementor-element elementor-element-f404bb9 elementor-widget elementor-widget-text-editor\" data-id=\"f404bb9\" data-element_type=\"widget\" data-widget_type=\"text-editor.default\">\n\t\t\t\t\t\t\t\t\t<p>Merci !<\/p>\t\t\t\t\t\t\t\t<\/div>\n\t\t<div class=\"elementor-element elementor-element-0c9a592 e-con-full e-flex wpr-particle-no wpr-jarallax-no wpr-parallax-no wpr-sticky-section-no e-con e-child\" data-id=\"0c9a592\" data-element_type=\"container\" data-settings=\"{&quot;background_background&quot;:&quot;classic&quot;}\">\n\t\t\t\t<div class=\"elementor-element elementor-element-b459427 elementor-widget elementor-widget-text-editor\" data-id=\"b459427\" data-element_type=\"widget\" data-widget_type=\"text-editor.default\">\n\t\t\t\t\t\t\t\t\t<p>Vous avez \u00e9t\u00e9 nombreux \u00e0 participer aux <em>samedis du projet<\/em> et aux rencontres que nous avons organis\u00e9es dans chaque quartier. Ce projet, c&#8217;est le v\u00f4tre !<\/p>\t\t\t\t\t\t\t\t<\/div>\n\t\t\t\t<div class=\"elementor-element elementor-element-7409d17 elementor-widget elementor-widget-text-editor\" data-id=\"7409d17\" data-element_type=\"widget\" data-widget_type=\"text-editor.default\">\n\t\t\t\t\t\t\t\t\t<p>Les <em>samedis du projet<\/em>, c&#8217;est deux th\u00e8mes chaque samedi matin, de 10h30 \u00e0 12h pour r\u00e9fl\u00e9chir ensemble sur Lille.<\/p>\t\t\t\t\t\t\t\t<\/div>\n\t\t<div class=\"elementor-element elementor-element-8062287 e-grid e-con-full wpr-particle-no wpr-jarallax-no wpr-parallax-no wpr-sticky-section-no e-con e-child\" data-id=\"8062287\" data-element_type=\"container\">\n\t\t<div class=\"elementor-element elementor-element-cef49e1 e-con-full e-flex wpr-particle-no wpr-jarallax-no wpr-parallax-no wpr-sticky-section-no e-con e-child\" data-id=\"cef49e1\" data-element_type=\"container\" data-settings=\"{&quot;background_background&quot;:&quot;classic&quot;}\">\n\t\t\t\t<div class=\"elementor-element elementor-element-ad00a08 elementor-widget elementor-widget-text-editor\" data-id=\"ad00a08\" data-element_type=\"widget\" data-widget_type=\"text-editor.default\">\n\t\t\t\t\t\t\t\t\t<p>Samedi 11 octobre \u00e0 10h30<\/p>\t\t\t\t\t\t\t\t<\/div>\n\t\t\t\t<div class=\"elementor-element elementor-element-62740fd elementor-widget elementor-widget-text-editor\" data-id=\"62740fd\" data-element_type=\"widget\" data-widget_type=\"text-editor.default\">\n\t\t\t\t\t\t\t\t\t<p>au Frigidaire, 5 rue d&#8217;Arras \u00e0 Lille<\/p>\t\t\t\t\t\t\t\t<\/div>\n\t\t\t\t<div class=\"elementor-element elementor-element-7d9e0ed elementor-widget elementor-widget-text-editor\" data-id=\"7d9e0ed\" data-element_type=\"widget\" data-widget_type=\"text-editor.default\">\n\t\t\t\t\t\t\t\t\t<p dir=\"ltr\"><strong>Solidarit\u00e9s<\/strong><br \/>Soutenir, se soutenir, vivre ensemble, c&#8217;est quoi la solidarit\u00e9 de demain \u00e0 Lille ?<\/p><p dir=\"ltr\"><strong>Lutte contre les discriminations<\/strong><br \/>L&#8217;\u00e9galit\u00e9 des chances pour de vrai, le respect de chacun, comment y arriver ?<\/p>\t\t\t\t\t\t\t\t<\/div>\n\t\t\t\t<\/div>\n\t\t<div class=\"elementor-element elementor-element-273b4ab e-con-full e-flex wpr-particle-no wpr-jarallax-no wpr-parallax-no wpr-sticky-section-no e-con e-child\" data-id=\"273b4ab\" data-element_type=\"container\" data-settings=\"{&quot;background_background&quot;:&quot;classic&quot;}\">\n\t\t\t\t<div class=\"elementor-element elementor-element-ccffc8c elementor-widget elementor-widget-text-editor\" data-id=\"ccffc8c\" data-element_type=\"widget\" data-widget_type=\"text-editor.default\">\n\t\t\t\t\t\t\t\t\t<p>Samedi 18 octobre \u00e0 10h30<\/p>\t\t\t\t\t\t\t\t<\/div>\n\t\t\t\t<div class=\"elementor-element elementor-element-d3b7211 elementor-widget elementor-widget-text-editor\" data-id=\"d3b7211\" data-element_type=\"widget\" data-widget_type=\"text-editor.default\">\n\t\t\t\t\t\t\t\t\t<p>au Rimbaud, 1 place Cormontaigne \u00e0 Lille<\/p>\t\t\t\t\t\t\t\t<\/div>\n\t\t\t\t<div class=\"elementor-element elementor-element-b15196b elementor-widget elementor-widget-text-editor\" data-id=\"b15196b\" data-element_type=\"widget\" data-widget_type=\"text-editor.default\">\n\t\t\t\t\t\t\t\t\t<p dir=\"ltr\"><strong>Nature et animaux dans la ville<\/strong><br \/>Une ville pour marcher, promener et se promener : quels am\u00e9nagements imaginer ?<\/p><p dir=\"ltr\"><strong>Sant\u00e9<\/strong><br \/>Qualit\u00e9 de l&#8217;air, acc\u00e8s aux soins, sant\u00e9 mentale, pollution, alimentation, comment prendre soin de nous ?<\/p>\t\t\t\t\t\t\t\t<\/div>\n\t\t\t\t<\/div>\n\t\t<div class=\"elementor-element elementor-element-ca3b803 e-con-full e-flex wpr-particle-no wpr-jarallax-no wpr-parallax-no wpr-sticky-section-no e-con e-child\" data-id=\"ca3b803\" data-element_type=\"container\" data-settings=\"{&quot;background_background&quot;:&quot;classic&quot;}\">\n\t\t\t\t<div class=\"elementor-element elementor-element-8d33324 elementor-widget elementor-widget-text-editor\" data-id=\"8d33324\" data-element_type=\"widget\" data-widget_type=\"text-editor.default\">\n\t\t\t\t\t\t\t\t\t<p>Samedi 25 octobre \u00e0 10h30<\/p>\t\t\t\t\t\t\t\t<\/div>\n\t\t\t\t<div class=\"elementor-element elementor-element-18820c9 elementor-widget elementor-widget-text-editor\" data-id=\"18820c9\" data-element_type=\"widget\" data-widget_type=\"text-editor.default\">\n\t\t\t\t\t\t\t\t\t<p>\u00e0 l&#8217;auberge de jeunesse St\u00e9phane Hessel, 235 boulevard Paul Painlev\u00e9 \u00e0 Lille<\/p>\t\t\t\t\t\t\t\t<\/div>\n\t\t\t\t<div class=\"elementor-element elementor-element-c4a0590 elementor-widget elementor-widget-text-editor\" data-id=\"c4a0590\" data-element_type=\"widget\" data-widget_type=\"text-editor.default\">\n\t\t\t\t\t\t\t\t\t<p dir=\"ltr\"><strong>Jeunesse et \u00e9tudiants\u00a0<\/strong><br \/>S&#8217;\u00e9panouir et s&#8217;\u00e9manciper \u00e0 Lille : gal\u00e8re ou kiff ?<\/p><p dir=\"ltr\"><strong>Innover, chercher, produire<\/strong><br \/>Comment continuer ensemble \u00e0 faire de Lille une ville qui teste, qui ose, qui cr\u00e9e des emplois ?<\/p>\t\t\t\t\t\t\t\t<\/div>\n\t\t\t\t<\/div>\n\t\t<div class=\"elementor-element elementor-element-3b27703 e-con-full e-flex wpr-particle-no wpr-jarallax-no wpr-parallax-no wpr-sticky-section-no e-con e-child\" data-id=\"3b27703\" data-element_type=\"container\" data-settings=\"{&quot;background_background&quot;:&quot;classic&quot;}\">\n\t\t\t\t<div class=\"elementor-element elementor-element-aa5e7ee elementor-widget elementor-widget-text-editor\" data-id=\"aa5e7ee\" data-element_type=\"widget\" data-widget_type=\"text-editor.default\">\n\t\t\t\t\t\t\t\t\t<p>Samedi 8 novembre \u00e0 10h30<\/p>\t\t\t\t\t\t\t\t<\/div>\n\t\t\t\t<div class=\"elementor-element elementor-element-95729db elementor-widget elementor-widget-text-editor\" data-id=\"95729db\" data-element_type=\"widget\" data-widget_type=\"text-editor.default\">\n\t\t\t\t\t\t\t\t\t<p>Au Sista, 78 Rue des Postes \u00e0 Lille<\/p>\t\t\t\t\t\t\t\t<\/div>\n\t\t\t\t<div class=\"elementor-element elementor-element-2916837 elementor-widget elementor-widget-text-editor\" data-id=\"2916837\" data-element_type=\"widget\" data-widget_type=\"text-editor.default\">\n\t\t\t\t\t\t\t\t\t<p dir=\"ltr\"><strong>Faire la f\u00eate \u00e0 Lille<\/strong><br \/>Le soleil dans le c\u0153ur, la musique dans la peau, o\u00f9 et quand faire la f\u00eate dans la ville demain ?<\/p><p dir=\"ltr\"><strong>Vieillir \u00e0 Lille<\/strong><br \/>C&#8217;est quoi une ville agr\u00e9able quand on prend de l&#8217;\u00e2ge ?<\/p>\t\t\t\t\t\t\t\t<\/div>\n\t\t\t\t<\/div>\n\t\t<div class=\"elementor-element elementor-element-8b36393 e-con-full e-flex wpr-particle-no wpr-jarallax-no wpr-parallax-no wpr-sticky-section-no e-con e-child\" data-id=\"8b36393\" data-element_type=\"container\" data-settings=\"{&quot;background_background&quot;:&quot;classic&quot;}\">\n\t\t\t\t<div class=\"elementor-element elementor-element-60d4c57 elementor-widget elementor-widget-text-editor\" data-id=\"60d4c57\" data-element_type=\"widget\" data-widget_type=\"text-editor.default\">\n\t\t\t\t\t\t\t\t\t<p>Lundi 10 novembre, 16h30-18h30<\/p>\t\t\t\t\t\t\t\t<\/div>\n\t\t\t\t<div class=\"elementor-element elementor-element-b8853ea elementor-widget elementor-widget-text-editor\" data-id=\"b8853ea\" data-element_type=\"widget\" data-widget_type=\"text-editor.default\">\n\t\t\t\t\t\t\t\t\t<p>Place Martin Luther King<\/p>\t\t\t\t\t\t\t\t<\/div>\n\t\t\t\t<div class=\"elementor-element elementor-element-4f95e52 elementor-widget elementor-widget-text-editor\" data-id=\"4f95e52\" data-element_type=\"widget\" data-widget_type=\"text-editor.default\">\n\t\t\t\t\t\t\t\t\t<h5 dir=\"ltr\"><b>\u00c0 Lille-Sud, votre avis compte pour nous !\u00a0<\/b><\/h5><p class=\"p1\">Venez partager vos id\u00e9es et vos attentes pour Lille-Sud et pour Lille avec Arnaud Deslandes<\/p>\t\t\t\t\t\t\t\t<\/div>\n\t\t\t\t<\/div>\n\t\t<div class=\"elementor-element elementor-element-2944d33 e-con-full e-flex wpr-particle-no wpr-jarallax-no wpr-parallax-no wpr-sticky-section-no e-con e-child\" data-id=\"2944d33\" data-element_type=\"container\" data-settings=\"{&quot;background_background&quot;:&quot;classic&quot;}\">\n\t\t\t\t<div class=\"elementor-element elementor-element-875106d elementor-widget elementor-widget-text-editor\" data-id=\"875106d\" data-element_type=\"widget\" data-widget_type=\"text-editor.default\">\n\t\t\t\t\t\t\t\t\t<p>Mercredi 12 novembre, 17h00-19h00<\/p>\t\t\t\t\t\t\t\t<\/div>\n\t\t\t\t<div class=\"elementor-element elementor-element-f01f86b elementor-widget elementor-widget-text-editor\" data-id=\"f01f86b\" data-element_type=\"widget\" data-widget_type=\"text-editor.default\">\n\t\t\t\t\t\t\t\t\t<p>Place Cacheux (angle rue Littr\u00e9 \/ rue du March\u00e9)<\/p>\t\t\t\t\t\t\t\t<\/div>\n\t\t\t\t<div class=\"elementor-element elementor-element-616f3c2 elementor-widget elementor-widget-text-editor\" data-id=\"616f3c2\" data-element_type=\"widget\" data-widget_type=\"text-editor.default\">\n\t\t\t\t\t\t\t\t\t<h5 dir=\"ltr\"><b>\u00c0 Wazemmes, votre avis compte pour nous !\u00a0<\/b><\/h5><p class=\"p1\">Venez partager vos id\u00e9es et vos attentes pour Wazemmes et pour Lille avec Arnaud Deslandes<\/p>\t\t\t\t\t\t\t\t<\/div>\n\t\t\t\t<\/div>\n\t\t<div class=\"elementor-element elementor-element-4bfae9b e-con-full e-flex wpr-particle-no wpr-jarallax-no wpr-parallax-no wpr-sticky-section-no e-con e-child\" data-id=\"4bfae9b\" data-element_type=\"container\" data-settings=\"{&quot;background_background&quot;:&quot;classic&quot;}\">\n\t\t\t\t<div class=\"elementor-element elementor-element-9843d8d elementor-widget elementor-widget-text-editor\" data-id=\"9843d8d\" data-element_type=\"widget\" data-widget_type=\"text-editor.default\">\n\t\t\t\t\t\t\t\t\t<p>Samedi 15 novembre \u00e0 10h30<\/p>\t\t\t\t\t\t\t\t<\/div>\n\t\t\t\t<div class=\"elementor-element elementor-element-52a0b1c elementor-widget elementor-widget-text-editor\" data-id=\"52a0b1c\" data-element_type=\"widget\" data-widget_type=\"text-editor.default\">\n\t\t\t\t\t\t\t\t\t<p>\u00e0 la salle Frida Kahlo \u00e0 Lille<\/p>\t\t\t\t\t\t\t\t<\/div>\n\t\t\t\t<div class=\"elementor-element elementor-element-6672ef6 elementor-widget elementor-widget-text-editor\" data-id=\"6672ef6\" data-element_type=\"widget\" data-widget_type=\"text-editor.default\">\n\t\t\t\t\t\t\t\t\t<p class=\"p1\"><b>Participation citoyenne<br \/><\/b>Comment associer encore davantage les habitants \u00e0 la prise de d\u00e9cisions publiques ?<\/p><p class=\"p1\"><b>Num\u00e9rique et ia<br \/><\/b>L\u2019IA pour quoi faire ? Comment l\u2019utiliser, comment \u00e9viter la cr\u00e9ation de nouvelles in\u00e9galit\u00e9s ?<\/p>\t\t\t\t\t\t\t\t<\/div>\n\t\t\t\t<\/div>\n\t\t<div class=\"elementor-element elementor-element-9f67182 e-con-full e-flex wpr-particle-no wpr-jarallax-no wpr-parallax-no wpr-sticky-section-no e-con e-child\" data-id=\"9f67182\" data-element_type=\"container\" data-settings=\"{&quot;background_background&quot;:&quot;classic&quot;}\">\n\t\t\t\t<div class=\"elementor-element elementor-element-694641d elementor-widget elementor-widget-text-editor\" data-id=\"694641d\" data-element_type=\"widget\" data-widget_type=\"text-editor.default\">\n\t\t\t\t\t\t\t\t\t<p>Jeudi 20 novembre \u00e0 18h00<\/p>\t\t\t\t\t\t\t\t<\/div>\n\t\t\t\t<div class=\"elementor-element elementor-element-86376ee elementor-widget elementor-widget-text-editor\" data-id=\"86376ee\" data-element_type=\"widget\" data-widget_type=\"text-editor.default\">\n\t\t\t\t\t\t\t\t\t<p class=\"p1\">salle Philippe Noiret<br \/>100, rue de l\u2019Abb\u00e9 Aerts, \u00e0 Wazemmes<\/p>\t\t\t\t\t\t\t\t<\/div>\n\t\t\t\t<div class=\"elementor-element elementor-element-d77e287 elementor-widget elementor-widget-text-editor\" data-id=\"d77e287\" data-element_type=\"widget\" data-widget_type=\"text-editor.default\">\n\t\t\t\t\t\t\t\t\t<h5 class=\"p1\"><b>Rencontre-d\u00e9bat : <\/b><b>\u00ab Lille \u00e0 hauteur d\u2019enfants,<br \/>Lille \u00e0 hauteur de parents \u00bb<\/b><\/h5><p class=\"p1\"><span class=\"s1\">Avec <b>Samira El Ayachi<\/b>, <\/span><span class=\"s2\">\u00e9crivaine, fondatrice du Festival L\u2019origine des mondes, autrice de <i>Les femmes sont occup\u00e9es<\/i> (roman sur le parcours d\u2019une maman solo)<\/span><\/p><p class=\"p1\"><span class=\"s1\">et <b>Cl\u00e9ment Rivi\u00e8re<\/b>, <\/span>sociologue, ma\u00eetre de conf\u00e9rences \u00e0 l\u2019Universit\u00e9 de Lille, auteur de <i>Leurs enfants dans la Ville<\/i><\/p><p class=\"p1\">\u00a0<\/p>\t\t\t\t\t\t\t\t<\/div>\n\t\t\t\t<\/div>\n\t\t<div class=\"elementor-element elementor-element-88b221d e-con-full e-flex wpr-particle-no wpr-jarallax-no wpr-parallax-no wpr-sticky-section-no e-con e-child\" data-id=\"88b221d\" data-element_type=\"container\" data-settings=\"{&quot;background_background&quot;:&quot;classic&quot;}\">\n\t\t\t\t<div class=\"elementor-element elementor-element-ecd63c4 elementor-widget elementor-widget-text-editor\" data-id=\"ecd63c4\" data-element_type=\"widget\" data-widget_type=\"text-editor.default\">\n\t\t\t\t\t\t\t\t\t<p>Samedi 22 novembre \u00e0 10h30<\/p>\t\t\t\t\t\t\t\t<\/div>\n\t\t\t\t<div class=\"elementor-element elementor-element-c7b4c8c elementor-widget elementor-widget-text-editor\" data-id=\"c7b4c8c\" data-element_type=\"widget\" data-widget_type=\"text-editor.default\">\n\t\t\t\t\t\t\t\t\t<p>\u00e0 la Fabrique du Sud, 7bis Rue de l&#8217;Asie \u00e0 Lille<\/p>\t\t\t\t\t\t\t\t<\/div>\n\t\t\t\t<div class=\"elementor-element elementor-element-828b9fc elementor-widget elementor-widget-text-editor\" data-id=\"828b9fc\" data-element_type=\"widget\" data-widget_type=\"text-editor.default\">\n\t\t\t\t\t\t\t\t\t<p dir=\"ltr\"><strong>Culture\u00a0<\/strong><br \/>La culture, (comme l&#8217;amour), \u00e7a ne sert \u00e0 rien ?<\/p><p dir=\"ltr\"><strong>Sport<\/strong><br \/>Sport : est on vraiment oblig\u00e9s de s&#8217;y mettre ? (Oui)<\/p>\t\t\t\t\t\t\t\t<\/div>\n\t\t\t\t<\/div>\n\t\t<div class=\"elementor-element elementor-element-fe82f01 e-con-full e-flex wpr-particle-no wpr-jarallax-no wpr-parallax-no wpr-sticky-section-no e-con e-child\" data-id=\"fe82f01\" data-element_type=\"container\" data-settings=\"{&quot;background_background&quot;:&quot;classic&quot;}\">\n\t\t\t\t<div class=\"elementor-element elementor-element-4439285 elementor-widget elementor-widget-text-editor\" data-id=\"4439285\" data-element_type=\"widget\" data-widget_type=\"text-editor.default\">\n\t\t\t\t\t\t\t\t\t<p>Lundi 24 novembre, 16h30-18h30<\/p>\t\t\t\t\t\t\t\t<\/div>\n\t\t\t\t<div class=\"elementor-element elementor-element-bb533a0 elementor-widget elementor-widget-text-editor\" data-id=\"bb533a0\" data-element_type=\"widget\" data-widget_type=\"text-editor.default\">\n\t\t\t\t\t\t\t\t\t<p>Place Cormontaigne (angle Isly\/Turenne)<\/p>\t\t\t\t\t\t\t\t<\/div>\n\t\t\t\t<div class=\"elementor-element elementor-element-08fbb3e elementor-widget elementor-widget-text-editor\" data-id=\"08fbb3e\" data-element_type=\"widget\" data-widget_type=\"text-editor.default\">\n\t\t\t\t\t\t\t\t\t<h5 dir=\"ltr\"><b>\u00c0 Vauban, votre avis compte pour nous !\u00a0<\/b><\/h5><p class=\"p1\">Venez partager vos id\u00e9es et vos attentes pour Vauban et pour Lille avec Arnaud Deslandes<\/p>\t\t\t\t\t\t\t\t<\/div>\n\t\t\t\t<\/div>\n\t\t<div class=\"elementor-element elementor-element-032f0c4 e-con-full e-flex wpr-particle-no wpr-jarallax-no wpr-parallax-no wpr-sticky-section-no e-con e-child\" data-id=\"032f0c4\" data-element_type=\"container\" data-settings=\"{&quot;background_background&quot;:&quot;classic&quot;}\">\n\t\t\t\t<div class=\"elementor-element elementor-element-113ca70 elementor-widget elementor-widget-text-editor\" data-id=\"113ca70\" data-element_type=\"widget\" data-widget_type=\"text-editor.default\">\n\t\t\t\t\t\t\t\t\t<p>Jeudi 27 novembre, 17h00-19h00<\/p>\t\t\t\t\t\t\t\t<\/div>\n\t\t\t\t<div class=\"elementor-element elementor-element-414e76a elementor-widget elementor-widget-text-editor\" data-id=\"414e76a\" data-element_type=\"widget\" data-widget_type=\"text-editor.default\">\n\t\t\t\t\t\t\t\t\t<p>\u00c0 l&#8217;angle des rues de Pologne et de Madagascar<\/p>\t\t\t\t\t\t\t\t<\/div>\n\t\t\t\t<div class=\"elementor-element elementor-element-17caf68 elementor-widget elementor-widget-text-editor\" data-id=\"17caf68\" data-element_type=\"widget\" data-widget_type=\"text-editor.default\">\n\t\t\t\t\t\t\t\t\t<h5 dir=\"ltr\"><b>\u00c0 Fives, votre avis compte pour nous !\u00a0<\/b><\/h5><p class=\"p1\">Venez partager vos id\u00e9es et vos attentes pour Fives et pour Lille avec Arnaud Deslandes<\/p>\t\t\t\t\t\t\t\t<\/div>\n\t\t\t\t<\/div>\n\t\t<div class=\"elementor-element elementor-element-fd148de e-con-full e-flex wpr-particle-no wpr-jarallax-no wpr-parallax-no wpr-sticky-section-no e-con e-child\" data-id=\"fd148de\" data-element_type=\"container\" data-settings=\"{&quot;background_background&quot;:&quot;classic&quot;}\">\n\t\t\t\t<div class=\"elementor-element elementor-element-3146814 elementor-widget elementor-widget-text-editor\" data-id=\"3146814\" data-element_type=\"widget\" data-widget_type=\"text-editor.default\">\n\t\t\t\t\t\t\t\t\t<p>Samedi 29 novembre \u00e0 10h30<\/p>\t\t\t\t\t\t\t\t<\/div>\n\t\t\t\t<div class=\"elementor-element elementor-element-1f2fcd3 elementor-widget elementor-widget-text-editor\" data-id=\"1f2fcd3\" data-element_type=\"widget\" data-widget_type=\"text-editor.default\">\n\t\t\t\t\t\t\t\t\t<p>au caf\u00e9 du Bazaar St So, 292 Rue Camille Gu\u00e9rin \u00e0 Lille<\/p>\t\t\t\t\t\t\t\t<\/div>\n\t\t\t\t<div class=\"elementor-element elementor-element-27b97bd elementor-widget elementor-widget-text-editor\" data-id=\"27b97bd\" data-element_type=\"widget\" data-widget_type=\"text-editor.default\">\n\t\t\t\t\t\t\t\t\t<p dir=\"ltr\"><strong>Se d\u00e9placer \u00e0 Lille<\/strong><br \/>A pied, \u00e0 v\u00e9lo, \u00e0 moto, (\u00e0 cheval ?) en voiture, comment se d\u00e9placer demain \u00e0 Lille ?<\/p><p dir=\"ltr\"><strong>Handicap<\/strong><br \/>Libert\u00e9, \u00e9galit\u00e9, accessibilit\u00e9 : quels am\u00e9nagements (re)penser pour rendre la ville plus facile pour chacun ?<\/p><p class=\"p1\"><b>Urbanisme et logement<br \/><\/b>Comment construire et adapter la ville de demain au d\u00e9r\u00e8glement climatique ?<\/p>\t\t\t\t\t\t\t\t<\/div>\n\t\t\t\t<\/div>\n\t\t<div class=\"elementor-element elementor-element-2d31c31 e-con-full e-flex wpr-particle-no wpr-jarallax-no wpr-parallax-no wpr-sticky-section-no e-con e-child\" data-id=\"2d31c31\" data-element_type=\"container\" data-settings=\"{&quot;background_background&quot;:&quot;classic&quot;}\">\n\t\t\t\t<div class=\"elementor-element elementor-element-6ac099e elementor-widget elementor-widget-text-editor\" data-id=\"6ac099e\" data-element_type=\"widget\" data-widget_type=\"text-editor.default\">\n\t\t\t\t\t\t\t\t\t<p>Lundi 1er d\u00e9cembre, 16h30-18h30<\/p>\t\t\t\t\t\t\t\t<\/div>\n\t\t\t\t<div class=\"elementor-element elementor-element-4d1e9e1 elementor-widget elementor-widget-text-editor\" data-id=\"4d1e9e1\" data-element_type=\"widget\" data-widget_type=\"text-editor.default\">\n\t\t\t\t\t\t\t\t\t<p>\u00c0 l&#8217;angle de la rue St-S\u00e9bastien et du Quai des Chevillards<\/p>\t\t\t\t\t\t\t\t<\/div>\n\t\t\t\t<div class=\"elementor-element elementor-element-5f1b00f elementor-widget elementor-widget-text-editor\" data-id=\"5f1b00f\" data-element_type=\"widget\" data-widget_type=\"text-editor.default\">\n\t\t\t\t\t\t\t\t\t<h5 dir=\"ltr\"><b>Dans le Vieux Lille, votre avis compte pour nous !\u00a0<\/b><\/h5><p class=\"p1\">Venez partager vos id\u00e9es et vos attentes pour le Vieux Lille et pour Lille avec Arnaud Deslandes<\/p>\t\t\t\t\t\t\t\t<\/div>\n\t\t\t\t<\/div>\n\t\t<div class=\"elementor-element elementor-element-7d81fcc e-con-full e-flex wpr-particle-no wpr-jarallax-no wpr-parallax-no wpr-sticky-section-no e-con e-child\" data-id=\"7d81fcc\" data-element_type=\"container\" data-settings=\"{&quot;background_background&quot;:&quot;classic&quot;}\">\n\t\t\t\t<div class=\"elementor-element elementor-element-7ccd025 elementor-widget elementor-widget-text-editor\" data-id=\"7ccd025\" data-element_type=\"widget\" data-widget_type=\"text-editor.default\">\n\t\t\t\t\t\t\t\t\t<p>Mardi 2 d\u00e9cembre, 16h30-18h30<\/p>\t\t\t\t\t\t\t\t<\/div>\n\t\t\t\t<div class=\"elementor-element elementor-element-4c200a9 elementor-widget elementor-widget-text-editor\" data-id=\"4c200a9\" data-element_type=\"widget\" data-widget_type=\"text-editor.default\">\n\t\t\t\t\t\t\t\t\t<p>Place St-Charles<\/p>\t\t\t\t\t\t\t\t<\/div>\n\t\t\t\t<div class=\"elementor-element elementor-element-4b337cf elementor-widget elementor-widget-text-editor\" data-id=\"4b337cf\" data-element_type=\"widget\" data-widget_type=\"text-editor.default\">\n\t\t\t\t\t\t\t\t\t<h5 dir=\"ltr\"><b style=\"font-size: 16px;\">\u00c0 Bois-Blancs, votre avis compte pour nous !\u00a0<\/b><\/h5><p class=\"p1\">Venez partager vos id\u00e9es et vos attentes pour Bois-Blancs et pour Lille avec Arnaud Deslandes<\/p>\t\t\t\t\t\t\t\t<\/div>\n\t\t\t\t<\/div>\n\t\t<div class=\"elementor-element elementor-element-a5b684d e-con-full e-flex wpr-particle-no wpr-jarallax-no wpr-parallax-no wpr-sticky-section-no e-con e-child\" data-id=\"a5b684d\" data-element_type=\"container\" data-settings=\"{&quot;background_background&quot;:&quot;classic&quot;}\">\n\t\t\t\t<div class=\"elementor-element elementor-element-3cd5a23 elementor-widget elementor-widget-text-editor\" data-id=\"3cd5a23\" data-element_type=\"widget\" data-widget_type=\"text-editor.default\">\n\t\t\t\t\t\t\t\t\t<p>Jeudi 4 d\u00e9cembre, 16h30-18h30<\/p>\t\t\t\t\t\t\t\t<\/div>\n\t\t\t\t<div class=\"elementor-element elementor-element-7bfee3c elementor-widget elementor-widget-text-editor\" data-id=\"7bfee3c\" data-element_type=\"widget\" data-widget_type=\"text-editor.default\">\n\t\t\t\t\t\t\t\t\t<p>Parvis Notre-Dame-de-Pellevoisin<\/p>\t\t\t\t\t\t\t\t<\/div>\n\t\t\t\t<div class=\"elementor-element elementor-element-9083e3a elementor-widget elementor-widget-text-editor\" data-id=\"9083e3a\" data-element_type=\"widget\" data-widget_type=\"text-editor.default\">\n\t\t\t\t\t\t\t\t\t<h5 dir=\"ltr\"><b>\u00c0 <\/b><b style=\"font-size: 16px;\">Saint-Maurice-Pellevoisin, votre avis compte pour nous !\u00a0<\/b><\/h5><p class=\"p1\">Venez partager vos id\u00e9es et vos attentes pour Saint-Maurice-Pellevoisin et pour Lille avec Arnaud Deslandes<\/p>\t\t\t\t\t\t\t\t<\/div>\n\t\t\t\t<\/div>\n\t\t<div class=\"elementor-element elementor-element-78b503f e-con-full e-flex wpr-particle-no wpr-jarallax-no wpr-parallax-no wpr-sticky-section-no e-con e-child\" data-id=\"78b503f\" data-element_type=\"container\" data-settings=\"{&quot;background_background&quot;:&quot;classic&quot;}\">\n\t\t\t\t<div class=\"elementor-element elementor-element-904b93f elementor-widget elementor-widget-text-editor\" data-id=\"904b93f\" data-element_type=\"widget\" data-widget_type=\"text-editor.default\">\n\t\t\t\t\t\t\t\t\t<p>Lundi 8 d\u00e9cembre, 17h00-18h30<\/p>\t\t\t\t\t\t\t\t<\/div>\n\t\t\t\t<div class=\"elementor-element elementor-element-888184c elementor-widget elementor-widget-text-editor\" data-id=\"888184c\" data-element_type=\"widget\" data-widget_type=\"text-editor.default\">\n\t\t\t\t\t\t\t\t\t<p>Place Fernig<\/p>\t\t\t\t\t\t\t\t<\/div>\n\t\t\t\t<div class=\"elementor-element elementor-element-bef1cf4 elementor-widget elementor-widget-text-editor\" data-id=\"bef1cf4\" data-element_type=\"widget\" data-widget_type=\"text-editor.default\">\n\t\t\t\t\t\t\t\t\t<h5 dir=\"ltr\"><b>\u00c0 Moulins, votre avis compte pour nous !\u00a0<\/b><\/h5><p class=\"p1\">Venez partager vos id\u00e9es et vos attentes pour Moulins et pour Lille avec Arnaud Deslandes<\/p>\t\t\t\t\t\t\t\t<\/div>\n\t\t\t\t<\/div>\n\t\t<div class=\"elementor-element elementor-element-c5299d8 e-con-full e-flex wpr-particle-no wpr-jarallax-no wpr-parallax-no wpr-sticky-section-no e-con e-child\" data-id=\"c5299d8\" data-element_type=\"container\" data-settings=\"{&quot;background_background&quot;:&quot;classic&quot;}\">\n\t\t\t\t<div class=\"elementor-element elementor-element-a27916e elementor-widget elementor-widget-text-editor\" data-id=\"a27916e\" data-element_type=\"widget\" data-widget_type=\"text-editor.default\">\n\t\t\t\t\t\t\t\t\t<p>Mardi 9 d\u00e9cembre, 16h30-18h30<\/p>\t\t\t\t\t\t\t\t<\/div>\n\t\t\t\t<div class=\"elementor-element elementor-element-b3abdb5 elementor-widget elementor-widget-text-editor\" data-id=\"b3abdb5\" data-element_type=\"widget\" data-widget_type=\"text-editor.default\">\n\t\t\t\t\t\t\t\t\t<p>Avenue Verhaeren<\/p>\t\t\t\t\t\t\t\t<\/div>\n\t\t\t\t<div class=\"elementor-element elementor-element-faf1cbd elementor-widget elementor-widget-text-editor\" data-id=\"faf1cbd\" data-element_type=\"widget\" data-widget_type=\"text-editor.default\">\n\t\t\t\t\t\t\t\t\t<h5 dir=\"ltr\"><b>Faubourg de B\u00e9thune, votre avis compte pour nous !\u00a0<\/b><\/h5><p class=\"p1\">Venez partager vos id\u00e9es et vos attentes pour le Faubourg de B\u00e9thune et pour Lille avec Arnaud Deslandes<\/p>\t\t\t\t\t\t\t\t<\/div>\n\t\t\t\t<\/div>\n\t\t<div class=\"elementor-element elementor-element-573fd0b e-con-full e-flex wpr-particle-no wpr-jarallax-no wpr-parallax-no wpr-sticky-section-no e-con e-child\" data-id=\"573fd0b\" data-element_type=\"container\" data-settings=\"{&quot;background_background&quot;:&quot;classic&quot;}\">\n\t\t\t\t<div class=\"elementor-element elementor-element-8d38f66 elementor-widget elementor-widget-text-editor\" data-id=\"8d38f66\" data-element_type=\"widget\" data-widget_type=\"text-editor.default\">\n\t\t\t\t\t\t\t\t\t<p>Samedi 13 d\u00e9cembre \u00e0 9h30<\/p>\t\t\t\t\t\t\t\t<\/div>\n\t\t\t\t<div class=\"elementor-element elementor-element-d9c8e1f elementor-widget elementor-widget-text-editor\" data-id=\"d9c8e1f\" data-element_type=\"widget\" data-widget_type=\"text-editor.default\">\n\t\t\t\t\t\t\t\t\t<p class=\"p1\">\u00e0 Cap Sauvage, 56 bis bd de la Libert\u00e9 \u00e0 Lille<\/p>\t\t\t\t\t\t\t\t<\/div>\n\t\t\t\t<div class=\"elementor-element elementor-element-dd049de elementor-widget elementor-widget-text-editor\" data-id=\"dd049de\" data-element_type=\"widget\" data-widget_type=\"text-editor.default\">\n\t\t\t\t\t\t\t\t\t<p dir=\"ltr\"><strong>L&#8217;atelier des enfants<\/strong><br \/>Les enfants aussi ont la parole !<\/p>\t\t\t\t\t\t\t\t<\/div>\n\t\t\t\t<\/div>\n\t\t<div class=\"elementor-element elementor-element-cb24fe0 e-con-full e-flex wpr-particle-no wpr-jarallax-no wpr-parallax-no wpr-sticky-section-no e-con e-child\" data-id=\"cb24fe0\" data-element_type=\"container\" data-settings=\"{&quot;background_background&quot;:&quot;classic&quot;}\">\n\t\t\t\t<div class=\"elementor-element elementor-element-d308f45 elementor-widget elementor-widget-text-editor\" data-id=\"d308f45\" data-element_type=\"widget\" data-widget_type=\"text-editor.default\">\n\t\t\t\t\t\t\t\t\t<p>Lundi 15 d\u00e9cembre, 16h30-18h30<\/p>\t\t\t\t\t\t\t\t<\/div>\n\t\t\t\t<div class=\"elementor-element elementor-element-ebb963e elementor-widget elementor-widget-text-editor\" data-id=\"ebb963e\" data-element_type=\"widget\" data-widget_type=\"text-editor.default\">\n\t\t\t\t\t\t\t\t\t<p>\u00c0 l&#8217;angle de l&#8217;avenue du Pr\u00e9sident Kennedy et de la rue Saint-Sauveur<\/p>\t\t\t\t\t\t\t\t<\/div>\n\t\t\t\t<div class=\"elementor-element elementor-element-0cb6b06 elementor-widget elementor-widget-text-editor\" data-id=\"0cb6b06\" data-element_type=\"widget\" data-widget_type=\"text-editor.default\">\n\t\t\t\t\t\t\t\t\t<h5 dir=\"ltr\"><b>\u00c0 Lille-Centre, votre avis compte pour nous !\u00a0<\/b><\/h5><p class=\"p1\">Venez partager vos id\u00e9es et vos attentes pour Lille-Centre et pour Lille avec Arnaud Deslandes<\/p>\t\t\t\t\t\t\t\t<\/div>\n\t\t\t\t<\/div>\n\t\t<div class=\"elementor-element elementor-element-e05e9d9 e-con-full e-flex wpr-particle-no wpr-jarallax-no wpr-parallax-no wpr-sticky-section-no e-con e-child\" data-id=\"e05e9d9\" data-element_type=\"container\" data-settings=\"{&quot;background_background&quot;:&quot;classic&quot;}\">\n\t\t\t\t<div class=\"elementor-element elementor-element-cdcbb07 elementor-widget elementor-widget-text-editor\" data-id=\"cdcbb07\" data-element_type=\"widget\" data-widget_type=\"text-editor.default\">\n\t\t\t\t\t\t\t\t\t<p>Jeudi 18 d\u00e9cembre \u00e0 18h<\/p>\t\t\t\t\t\t\t\t<\/div>\n\t\t\t\t<div class=\"elementor-element elementor-element-f1a327b elementor-widget elementor-widget-text-editor\" data-id=\"f1a327b\" data-element_type=\"widget\" data-widget_type=\"text-editor.default\">\n\t\t\t\t\t\t\t\t\t<p class=\"p1\">Chaud Bouillon 70 Passage de l\u2019Internationale \u00e0 Lille-Fives<br \/>M\u00e9tro 1 \u2013 Station Marbrerie<\/p>\t\t\t\t\t\t\t\t<\/div>\n\t\t\t\t<div class=\"elementor-element elementor-element-08d6f26 elementor-widget elementor-widget-text-editor\" data-id=\"08d6f26\" data-element_type=\"widget\" data-widget_type=\"text-editor.default\">\n\t\t\t\t\t\t\t\t\t<h5 class=\"p1\"><b>Rencontre-d\u00e9bat : <\/b><b>\u00ab Une politique locale du logement est-elle encore possible ? Quels leviers pour agir ? \u00bb<\/b><\/h5><p class=\"p1\"><span class=\"s1\">Avec <\/span><b>Audrey LINKENHELD<\/b>, S\u00e9natrice du Nord, Elue \u00e0 la Ville de Lille et \u00e0 la M\u00e9tropole Europ\u00e9enne de Lille,<br \/>Secr\u00e9taire nationale du PS au logement,<\/p><p class=\"p1\"><b>Eddie JACQUEMART<\/b>, Pr\u00e9sident de la Conf\u00e9d\u00e9ration nationale du logement (CNL), Elu \u00e0 la Ville de Lille,<\/p><p class=\"p1\">et <b>Geoffrey GALAND<\/b>, Architecte-urbaniste (agence 9.81), Ma\u00eetre de conf\u00e9rence associ\u00e9 \u00e0 l\u2019Ecole nationale d\u2019architecture et de paysage de Lille (ENSAPL), Pr\u00e9sident du laboratoire d\u2019id\u00e9es \u00ab Les bruits de la ville \u00bb.<\/p>\t\t\t\t\t\t\t\t<\/div>\n\t\t\t\t<\/div>\n\t\t\t\t<\/div>\n\t\t\t\t<\/div>\n\t\t\t\t\t<\/div>\n\t\t\t\t<\/div>\n\t\t\t\t<\/div>\n\t\t","protected":false},"excerpt":{"rendered":"<p>D\u00e9couvrez notre projet pour Lille, Hellemmes et Lomme D\u00e9couvrez notre projet pour Lille, Hellemmes et Lomme Merci ! Vous avez \u00e9t\u00e9 nombreux \u00e0 participer aux samedis du projet et aux rencontres que nous avons organis\u00e9es dans chaque quartier. Ce projet, c&#8217;est le v\u00f4tre ! Les samedis du projet, c&#8217;est deux th\u00e8mes chaque samedi matin, de 10h30 \u00e0 12h pour r\u00e9fl\u00e9chir ensemble sur Lille. Samedi 11 octobre \u00e0 10h30 au Frigidaire, 5 rue d&#8217;Arras \u00e0 Lille Solidarit\u00e9sSoutenir, se soutenir, vivre ensemble, c&#8217;est quoi la solidarit\u00e9 de demain \u00e0 Lille ? Lutte contre les discriminationsL&#8217;\u00e9galit\u00e9 des chances pour de vrai, le respect de chacun, comment y arriver ? Samedi 18 octobre \u00e0 10h30 au Rimbaud, 1 place Cormontaigne \u00e0 Lille Nature et animaux dans la villeUne ville pour marcher, promener et se promener : quels am\u00e9nagements imaginer ? Sant\u00e9Qualit\u00e9 de l&#8217;air, acc\u00e8s aux soins, sant\u00e9 mentale, pollution, alimentation, comment prendre soin de nous ? Samedi 25 octobre \u00e0 10h30 \u00e0 l&#8217;auberge de jeunesse St\u00e9phane Hessel, 235 boulevard Paul Painlev\u00e9 \u00e0 Lille Jeunesse et \u00e9tudiants\u00a0S&#8217;\u00e9panouir et s&#8217;\u00e9manciper \u00e0 Lille : gal\u00e8re ou kiff ? Innover, chercher, produireComment continuer ensemble \u00e0 faire de Lille une ville qui teste, qui ose, qui cr\u00e9e des emplois ? Samedi 8 novembre \u00e0 10h30 Au Sista, 78 Rue des Postes \u00e0 Lille Faire la f\u00eate \u00e0 LilleLe soleil dans le c\u0153ur, la musique dans la peau, o\u00f9 et quand faire la f\u00eate dans la ville demain ? Vieillir \u00e0 LilleC&#8217;est quoi une ville agr\u00e9able quand on prend de l&#8217;\u00e2ge ? Lundi 10 novembre, 16h30-18h30 Place Martin Luther King \u00c0 Lille-Sud, votre avis compte pour nous !\u00a0 Venez partager vos id\u00e9es et vos attentes pour Lille-Sud et pour Lille avec Arnaud Deslandes Mercredi 12 novembre, 17h00-19h00 Place Cacheux (angle rue Littr\u00e9 \/ rue du March\u00e9) \u00c0 Wazemmes, votre avis compte pour nous !\u00a0 Venez partager vos id\u00e9es et vos attentes pour Wazemmes et pour Lille avec Arnaud Deslandes Samedi 15 novembre \u00e0 10h30 \u00e0 la salle Frida Kahlo \u00e0 Lille Participation citoyenneComment associer encore davantage les habitants \u00e0 la prise de d\u00e9cisions publiques ? Num\u00e9rique et iaL\u2019IA pour quoi faire ? Comment l\u2019utiliser, comment \u00e9viter la cr\u00e9ation de nouvelles in\u00e9galit\u00e9s ? Jeudi 20 novembre \u00e0 18h00 salle Philippe Noiret100, rue de l\u2019Abb\u00e9 Aerts, \u00e0 Wazemmes Rencontre-d\u00e9bat : \u00ab Lille \u00e0 hauteur d\u2019enfants,Lille \u00e0 hauteur de parents \u00bb Avec Samira El Ayachi, \u00e9crivaine, fondatrice du Festival L\u2019origine des mondes, autrice de Les femmes sont occup\u00e9es (roman sur le parcours d\u2019une maman solo) et Cl\u00e9ment Rivi\u00e8re, sociologue, ma\u00eetre de conf\u00e9rences \u00e0 l\u2019Universit\u00e9 de Lille, auteur de Leurs enfants dans la Ville \u00a0 Samedi 22 novembre \u00e0 10h30 \u00e0 la Fabrique du Sud, 7bis Rue de l&#8217;Asie \u00e0 Lille Culture\u00a0La culture, (comme l&#8217;amour), \u00e7a ne sert \u00e0 rien ? SportSport : est on vraiment oblig\u00e9s de s&#8217;y mettre ? (Oui) Lundi 24 novembre, 16h30-18h30 Place Cormontaigne (angle Isly\/Turenne) \u00c0 Vauban, votre avis compte pour nous !\u00a0 Venez partager vos id\u00e9es et vos attentes pour Vauban et pour Lille avec Arnaud Deslandes Jeudi 27 novembre, 17h00-19h00 \u00c0 l&#8217;angle des rues de Pologne et de Madagascar \u00c0 Fives, votre avis compte pour nous !\u00a0 Venez partager vos id\u00e9es et vos attentes pour Fives et pour Lille avec Arnaud Deslandes Samedi 29 novembre \u00e0 10h30 au caf\u00e9 du Bazaar St So, 292 Rue Camille Gu\u00e9rin \u00e0 Lille Se d\u00e9placer \u00e0 LilleA pied, \u00e0 v\u00e9lo, \u00e0 moto, (\u00e0 cheval ?) en voiture, comment se d\u00e9placer demain \u00e0 Lille ? HandicapLibert\u00e9, \u00e9galit\u00e9, accessibilit\u00e9 : quels am\u00e9nagements (re)penser pour rendre la ville plus facile pour chacun ? Urbanisme et logementComment construire et adapter la ville de demain au d\u00e9r\u00e8glement climatique ? Lundi 1er d\u00e9cembre, 16h30-18h30 \u00c0 l&#8217;angle de la rue St-S\u00e9bastien et du Quai des Chevillards Dans le Vieux Lille, votre avis compte pour nous !\u00a0 Venez partager vos id\u00e9es et vos attentes pour le Vieux Lille et pour Lille avec Arnaud Deslandes Mardi 2 d\u00e9cembre, 16h30-18h30 Place St-Charles \u00c0 Bois-Blancs, votre avis compte pour nous !\u00a0 Venez partager vos id\u00e9es et vos attentes pour Bois-Blancs et pour Lille avec Arnaud Deslandes Jeudi 4 d\u00e9cembre, 16h30-18h30 Parvis Notre-Dame-de-Pellevoisin \u00c0 Saint-Maurice-Pellevoisin, votre avis compte pour nous !\u00a0 Venez partager vos id\u00e9es et vos attentes pour Saint-Maurice-Pellevoisin et pour Lille avec Arnaud Deslandes Lundi 8 d\u00e9cembre, 17h00-18h30 Place Fernig \u00c0 Moulins, votre avis compte pour nous !\u00a0 Venez partager vos id\u00e9es et vos attentes pour Moulins et pour Lille avec Arnaud Deslandes Mardi 9 d\u00e9cembre, 16h30-18h30 Avenue Verhaeren Faubourg de B\u00e9thune, votre avis compte pour nous !\u00a0 Venez partager vos id\u00e9es et vos attentes pour le Faubourg de B\u00e9thune et pour Lille avec Arnaud Deslandes Samedi 13 d\u00e9cembre \u00e0 9h30 \u00e0 Cap Sauvage, 56 bis bd de la Libert\u00e9 \u00e0 Lille L&#8217;atelier des enfantsLes enfants aussi ont la parole ! Lundi 15 d\u00e9cembre, 16h30-18h30 \u00c0 l&#8217;angle de l&#8217;avenue du Pr\u00e9sident Kennedy et de la rue Saint-Sauveur \u00c0 Lille-Centre, votre avis compte pour nous !\u00a0 Venez partager vos id\u00e9es et vos attentes pour Lille-Centre et pour Lille avec Arnaud Deslandes Jeudi 18 d\u00e9cembre \u00e0 18h Chaud Bouillon 70 Passage de l\u2019Internationale \u00e0 Lille-FivesM\u00e9tro 1 \u2013 Station Marbrerie Rencontre-d\u00e9bat : \u00ab Une politique locale du logement est-elle encore possible ? Quels leviers pour agir ? \u00bb Avec Audrey LINKENHELD, S\u00e9natrice du Nord, Elue \u00e0 la Ville de Lille et \u00e0 la M\u00e9tropole Europ\u00e9enne de Lille,Secr\u00e9taire nationale du PS au logement, Eddie JACQUEMART, Pr\u00e9sident de la Conf\u00e9d\u00e9ration nationale du logement (CNL), Elu \u00e0 la Ville de Lille, et Geoffrey GALAND, Architecte-urbaniste (agence 9.81), Ma\u00eetre de conf\u00e9rence associ\u00e9 \u00e0 l\u2019Ecole nationale d\u2019architecture et de paysage de Lille (ENSAPL), Pr\u00e9sident du laboratoire d\u2019id\u00e9es \u00ab Les bruits de la ville \u00bb.<\/p>\n","protected":false},"author":1,"featured_media":0,"parent":0,"menu_order":0,"comment_status":"closed","ping_status":"closed","template":"","meta":{"footnotes":""},"folder":[],"class_list":["post-118","page","type-page","status-publish","hentry"],"jetpack_sharing_enabled":true,"_links":{"self":[{"href":"https:\/\/toutpourlille.fr\/index.php?rest_route=\/wp\/v2\/pages\/118","targetHints":{"allow":["GET"]}}],"collection":[{"href":"https:\/\/toutpourlille.fr\/index.php?rest_route=\/wp\/v2\/pages"}],"about":[{"href":"https:\/\/toutpourlille.fr\/index.php?rest_route=\/wp\/v2\/types\/page"}],"author":[{"embeddable":true,"href":"https:\/\/toutpourlille.fr\/index.php?rest_route=\/wp\/v2\/users\/1"}],"replies":[{"embeddable":true,"href":"https:\/\/toutpourlille.fr\/index.php?rest_route=%2Fwp%2Fv2%2Fcomments&post=118"}],"version-history":[{"count":146,"href":"https:\/\/toutpourlille.fr\/index.php?rest_route=\/wp\/v2\/pages\/118\/revisions"}],"predecessor-version":[{"id":1326,"href":"https:\/\/toutpourlille.fr\/index.php?rest_route=\/wp\/v2\/pages\/118\/revisions\/1326"}],"wp:attachment":[{"href":"https:\/\/toutpourlille.fr\/index.php?rest_route=%2Fwp%2Fv2%2Fmedia&parent=118"}],"wp:term":[{"taxonomy":"folder","embeddable":true,"href":"https:\/\/toutpourlille.fr\/index.php?rest_route=%2Fwp%2Fv2%2Ffolder&post=118"}],"curies":[{"name":"wp","href":"https:\/\/api.w.org\/{rel}","templated":true}]}}